
{"id":1066,"date":"2014-06-09T10:34:33","date_gmt":"2014-06-09T13:34:33","guid":{"rendered":"http:\/\/election.premiumthemes.in\/?page_id=15"},"modified":"2023-04-05T12:51:44","modified_gmt":"2023-04-05T15:51:44","slug":"home","status":"publish","type":"page","link":"https:\/\/argentinaglobal.org.ar\/eng\/","title":{"rendered":"Home"},"content":{"rendered":"<div id=\"\" class=\"swm_full_width_section swm_section_prallax swm_parallax_on swm_full_stretch\" style=\" background-color:#ffffff;background-size: cover;  padding-top:80px; padding-bottom:40px; margin-top:; margin-bottom:; color:#606060;  \" data-bg-scrollspeed=\"0\" data-parallaxtest=\"true\"><div class=\"swm_container\">\n<h5>FEATURED<\/h5>\n<div class=\"recent_posts_full\" >\t<div id=\"swm-item-entries\" class=\"swm_blog_grid_sort swm_row\" data-grid=\"fitRows\"><div class=\"swm_column3 left swm_blog_grid swm_blog_grid_isotope isotope-item\"><div class=\"swm_column_gap\"><div class=\"swm_slider_box\"><div class=\"swm_recent_posts flexslider\"><ul class=\"slides\"><li>\n\t\t\t\t\t\t\t\t\t<a class=\"swm-video-post-img\" href=\"https:\/\/argentinaglobal.org.ar\/eng\/seminario-que-reforzo-la-necesidad-de-contar-con-una-estrategia-de-seguridad-nacional\/\" target=\"_self\"><img fetchpriority=\"high\" decoding=\"async\" width=\"514\" height=\"342\" src=\"https:\/\/argentinaglobal.org.ar\/wp-content\/uploads\/2023\/04\/WhatsApp-Image-2023-04-05-at-18.21.08-514x342.jpeg\" class=\"attachment-recent-post size-recent-post wp-post-image\" alt=\"\" \/>\n\t\t\t\t\t\t\t\t\t<\/a>\n\t\t\t\t\t\t\t\t<\/li><\/ul><\/div><\/div><div class=\"swm-arrow-up arrow-grid\"><span><\/span><\/div><div class=\"sc_post_full_content\"><div class=\"text\"><div class=\"swm_post_title\"><a href=\"https:\/\/argentinaglobal.org.ar\/eng\/seminario-que-reforzo-la-necesidad-de-contar-con-una-estrategia-de-seguridad-nacional\/\" target=\"_self\">SEMINARIO QUE REFORZ\u00d3 LA NECESIDAD DE CONTAR CON UNA ESTRATEGIA DE SEGURIDAD NACIONAL<\/a><\/div><div class=\"post_meta\"><div class=\"grid_date\"><span><i class=\"fa fa-clock-o\"><\/i>10 April, 2023<\/span><span><i class=\"fa fa-comment-o\"><\/i><a href=\"https:\/\/argentinaglobal.org.ar\/eng\/seminario-que-reforzo-la-necesidad-de-contar-con-una-estrategia-de-seguridad-nacional\/\" target=\"_self\">0 Comments<\/a><\/span><\/div><div class=\"clear\"><\/div><\/div><p>En el marco de la Diplomatura en Seguridad Nacional que dicta la Universidad de <\/p><\/div><div class=\"clear\"><\/div>\n\t\t\t\t\t\t\t\t<\/div>\n\t\t\t\t\t\t\t<\/div><\/div><div class=\"swm_column3 left swm_blog_grid swm_blog_grid_isotope isotope-item\"><div class=\"swm_column_gap\"><div class=\"swm_slider_box\"><div class=\"swm_recent_posts flexslider\"><ul class=\"slides\"><li>\n\t\t\t\t\t\t\t\t\t<a class=\"swm-video-post-img\" href=\"https:\/\/argentinaglobal.org.ar\/eng\/china-y-los-limites-de-la-distension\/\" target=\"_self\"><img decoding=\"async\" width=\"514\" height=\"342\" src=\"https:\/\/argentinaglobal.org.ar\/wp-content\/uploads\/2023\/04\/ling-tang-yBroAF1cN3I-unsplash-514x342.jpg\" class=\"attachment-recent-post size-recent-post wp-post-image\" alt=\"\" \/>\n\t\t\t\t\t\t\t\t\t<\/a>\n\t\t\t\t\t\t\t\t<\/li><\/ul><\/div><\/div><div class=\"swm-arrow-up arrow-grid\"><span><\/span><\/div><div class=\"sc_post_full_content\"><div class=\"text\"><div class=\"swm_post_title\"><a href=\"https:\/\/argentinaglobal.org.ar\/eng\/china-y-los-limites-de-la-distension\/\" target=\"_self\">CHINA Y LOS L\u00cdMITES DE LA DISTENSI\u00d3N<\/a><\/div><div class=\"post_meta\"><div class=\"grid_date\"><span><i class=\"fa fa-clock-o\"><\/i>10 April, 2023<\/span><span><i class=\"fa fa-comment-o\"><\/i><a href=\"https:\/\/argentinaglobal.org.ar\/eng\/china-y-los-limites-de-la-distension\/\" target=\"_self\">0 Comments<\/a><\/span><\/div><div class=\"clear\"><\/div><\/div><p>Xi Jinping busca disminuir las tensiones, aunque ello no implique una <\/p><\/div><div class=\"clear\"><\/div>\n\t\t\t\t\t\t\t\t<\/div>\n\t\t\t\t\t\t\t<\/div><\/div><div class=\"swm_column3 left swm_blog_grid swm_blog_grid_isotope isotope-item\"><div class=\"swm_column_gap\"><div class=\"swm_slider_box\"><div class=\"swm_recent_posts flexslider\"><ul class=\"slides\"><li>\n\t\t\t\t\t\t\t\t\t<a class=\"swm-video-post-img\" href=\"https:\/\/argentinaglobal.org.ar\/eng\/taller-para-impulsar-una-estrategia-maritima-nacional-organizado-en-mar-del-plata-por-las-fundaciones-argentina-global-y-konrad-adenauer\/\" target=\"_self\"><img decoding=\"async\" width=\"514\" height=\"342\" src=\"https:\/\/argentinaglobal.org.ar\/wp-content\/uploads\/2023\/01\/DESTACADO-2-1-1-514x342.jpg\" class=\"attachment-recent-post size-recent-post wp-post-image\" alt=\"\" \/>\n\t\t\t\t\t\t\t\t\t<\/a>\n\t\t\t\t\t\t\t\t<\/li><\/ul><\/div><\/div><div class=\"swm-arrow-up arrow-grid\"><span><\/span><\/div><div class=\"sc_post_full_content\"><div class=\"text\"><div class=\"swm_post_title\"><a href=\"https:\/\/argentinaglobal.org.ar\/eng\/taller-para-impulsar-una-estrategia-maritima-nacional-organizado-en-mar-del-plata-por-las-fundaciones-argentina-global-y-konrad-adenauer\/\" target=\"_self\">WORKSHOP TO PROMOTE A NATIONAL MARITIME STRATEGY ORGANIZED IN MAR DEL PLATA FOR THE FOUNDATIONS ARGENTINA GLOBAL AND KONRAD ADENAUER<\/a><\/div><div class=\"post_meta\"><div class=\"grid_date\"><span><i class=\"fa fa-clock-o\"><\/i>17 November, 2022<\/span><span><i class=\"fa fa-comment-o\"><\/i><a href=\"https:\/\/argentinaglobal.org.ar\/eng\/taller-para-impulsar-una-estrategia-maritima-nacional-organizado-en-mar-del-plata-por-las-fundaciones-argentina-global-y-konrad-adenauer\/\" target=\"_self\">0 Comments<\/a><\/span><\/div><div class=\"clear\"><\/div><\/div><p>October 29, 2022Las foundations Argentina Global and Konrad Adenauer <\/p><\/div><div class=\"clear\"><\/div>\n\t\t\t\t\t\t\t\t<\/div>\n\t\t\t\t\t\t\t<\/div><\/div><div class=\"clear\"><\/div><\/div><\/div>\n<div class=\"clear\"><\/div><\/div><\/div>\n\n\n<div id=\"\" class=\"swm_full_width_section swm_section_prallax swm_parallax_on swm_full_stretch\" style=\" background-color:#ffffff;background-size: cover;  padding-top:40px; padding-bottom:10px; margin-top:; margin-bottom:; color:#606060;  \" data-bg-scrollspeed=\"0\" data-parallaxtest=\"true\"><div class=\"swm_container\">\n<h5>Lo \u00faltimo en redes<\/h5>\n<div class=\"clear\"><\/div><\/div><\/div>\n\n\n\n<div class=\"wp-block-columns is-layout-flex wp-container-core-columns-is-layout-9d6595d7 wp-block-columns-is-layout-flex\">\n<div class=\"wp-block-column is-layout-flow wp-block-column-is-layout-flow\" style=\"flex-basis:100%\">\n<div class=\"wp-block-columns are-vertically-aligned-center max-ancho is-layout-flex wp-container-core-columns-is-layout-9d6595d7 wp-block-columns-is-layout-flex\">\n<div class=\"wp-block-column is-vertically-aligned-center is-layout-flow wp-block-column-is-layout-flow\"><div class=\"widget widget_tp_widget_recent_tweets\"><strong>Could not authenticate you.<\/strong><\/div><\/div>\n\n\n\n<div class=\"wp-block-column is-vertically-aligned-center is-layout-flow wp-block-column-is-layout-flow\">\n<figure class=\"wp-block-embed is-type-video is-provider-youtube wp-block-embed-youtube wp-embed-aspect-16-9 wp-has-aspect-ratio\"><div class=\"wp-block-embed__wrapper\">\n<iframe title=\"Estrategias de largo plazo hacia la carbono neutralidad\" width=\"960\" height=\"540\" src=\"https:\/\/www.youtube.com\/embed\/M3pP1uc_JxA?feature=oembed\" frameborder=\"0\" allow=\"accelerometer; autoplay; clipboard-write; encrypted-media; gyroscope; picture-in-picture; web-share\" allowfullscreen><\/iframe>\n<\/div><\/figure>\n\n\n\n<figure class=\"wp-block-embed is-type-video is-provider-youtube wp-block-embed-youtube wp-embed-aspect-4-3 wp-has-aspect-ratio\"><div class=\"wp-block-embed__wrapper\">\n<iframe title=\"Suecia y Finlandia frente al cambio de \u00e9poca\" width=\"960\" height=\"720\" src=\"https:\/\/www.youtube.com\/embed\/QM_nMMLD0xE?feature=oembed\" frameborder=\"0\" allow=\"accelerometer; autoplay; clipboard-write; encrypted-media; gyroscope; picture-in-picture; web-share\" allowfullscreen><\/iframe>\n<\/div><\/figure>\n<\/div>\n<\/div>\n<\/div>\n<\/div>","protected":false},"excerpt":{"rendered":"","protected":false},"author":2,"featured_media":0,"parent":0,"menu_order":0,"comment_status":"closed","ping_status":"closed","template":"templates\/100-width.php","meta":{"footnotes":""},"class_list":["post-1066","page","type-page","status-publish","hentry"],"yoast_head":"<!-- This site is optimized with the Yoast SEO plugin v21.6 - https:\/\/yoast.com\/wordpress\/plugins\/seo\/ -->\n<title>Home - Argentina Global<\/title>\n<meta name=\"description\" content=\"Inicio - Argentina Global. Conoce Fundaci\u00f3n Argentina Global a trav\u00e9s de nuestra web y cont\u00e1ctanos para mas informaci\u00f3n.\" \/>\n<meta name=\"robots\" content=\"index, follow, max-snippet:-1, max-image-preview:large, max-video-preview:-1\" \/>\n<link rel=\"canonical\" href=\"https:\/\/argentinaglobal.org.ar\/eng\/\" \/>\n<meta property=\"og:locale\" content=\"en_US\" \/>\n<meta property=\"og:type\" content=\"article\" \/>\n<meta property=\"og:title\" content=\"Home - Argentina Global\" \/>\n<meta property=\"og:description\" content=\"Inicio - Argentina Global. Conoce Fundaci\u00f3n Argentina Global a trav\u00e9s de nuestra web y cont\u00e1ctanos para mas informaci\u00f3n.\" \/>\n<meta property=\"og:url\" content=\"https:\/\/argentinaglobal.org.ar\/eng\/\" \/>\n<meta property=\"og:site_name\" content=\"Argentina Global\" \/>\n<meta property=\"article:modified_time\" content=\"2023-04-05T15:51:44+00:00\" \/>\n<meta name=\"twitter:card\" content=\"summary_large_image\" \/>\n<meta name=\"twitter:label1\" content=\"Est. reading time\" \/>\n\t<meta name=\"twitter:data1\" content=\"1 minute\" \/>\n<script type=\"application\/ld+json\" class=\"yoast-schema-graph\">{\"@context\":\"https:\/\/schema.org\",\"@graph\":[{\"@type\":\"WebPage\",\"@id\":\"https:\/\/argentinaglobal.org.ar\/\",\"url\":\"https:\/\/argentinaglobal.org.ar\/\",\"name\":\"Home - Argentina Global\",\"isPartOf\":{\"@id\":\"https:\/\/argentinaglobal.org.ar\/#website\"},\"datePublished\":\"2014-06-09T13:34:33+00:00\",\"dateModified\":\"2023-04-05T15:51:44+00:00\",\"description\":\"Inicio - Argentina Global. Conoce Fundaci\u00f3n Argentina Global a trav\u00e9s de nuestra web y cont\u00e1ctanos para mas informaci\u00f3n.\",\"breadcrumb\":{\"@id\":\"https:\/\/argentinaglobal.org.ar\/#breadcrumb\"},\"inLanguage\":\"en-US\",\"potentialAction\":[{\"@type\":\"ReadAction\",\"target\":[\"https:\/\/argentinaglobal.org.ar\/\"]}]},{\"@type\":\"BreadcrumbList\",\"@id\":\"https:\/\/argentinaglobal.org.ar\/#breadcrumb\",\"itemListElement\":[{\"@type\":\"ListItem\",\"position\":1,\"name\":\"Inicio\",\"item\":\"https:\/\/argentinaglobal.org.ar\/\"},{\"@type\":\"ListItem\",\"position\":2,\"name\":\"Home\"}]},{\"@type\":\"WebSite\",\"@id\":\"https:\/\/argentinaglobal.org.ar\/#website\",\"url\":\"https:\/\/argentinaglobal.org.ar\/\",\"name\":\"Argentina Global\",\"description\":\"\",\"potentialAction\":[{\"@type\":\"SearchAction\",\"target\":{\"@type\":\"EntryPoint\",\"urlTemplate\":\"https:\/\/argentinaglobal.org.ar\/?s={search_term_string}\"},\"query-input\":\"required name=search_term_string\"}],\"inLanguage\":\"en-US\"}]}<\/script>\n<!-- \/ Yoast SEO plugin. -->","yoast_head_json":{"title":"Home - Argentina Global","description":"Inicio - Argentina Global. Conoce Fundaci\u00f3n Argentina Global a trav\u00e9s de nuestra web y cont\u00e1ctanos para mas informaci\u00f3n.","robots":{"index":"index","follow":"follow","max-snippet":"max-snippet:-1","max-image-preview":"max-image-preview:large","max-video-preview":"max-video-preview:-1"},"canonical":"https:\/\/argentinaglobal.org.ar\/eng\/","og_locale":"en_US","og_type":"article","og_title":"Home - Argentina Global","og_description":"Inicio - Argentina Global. Conoce Fundaci\u00f3n Argentina Global a trav\u00e9s de nuestra web y cont\u00e1ctanos para mas informaci\u00f3n.","og_url":"https:\/\/argentinaglobal.org.ar\/eng\/","og_site_name":"Argentina Global","article_modified_time":"2023-04-05T15:51:44+00:00","twitter_card":"summary_large_image","twitter_misc":{"Est. reading time":"1 minute"},"schema":{"@context":"https:\/\/schema.org","@graph":[{"@type":"WebPage","@id":"https:\/\/argentinaglobal.org.ar\/","url":"https:\/\/argentinaglobal.org.ar\/","name":"Home - Argentina Global","isPartOf":{"@id":"https:\/\/argentinaglobal.org.ar\/#website"},"datePublished":"2014-06-09T13:34:33+00:00","dateModified":"2023-04-05T15:51:44+00:00","description":"Inicio - Argentina Global. Conoce Fundaci\u00f3n Argentina Global a trav\u00e9s de nuestra web y cont\u00e1ctanos para mas informaci\u00f3n.","breadcrumb":{"@id":"https:\/\/argentinaglobal.org.ar\/#breadcrumb"},"inLanguage":"en-US","potentialAction":[{"@type":"ReadAction","target":["https:\/\/argentinaglobal.org.ar\/"]}]},{"@type":"BreadcrumbList","@id":"https:\/\/argentinaglobal.org.ar\/#breadcrumb","itemListElement":[{"@type":"ListItem","position":1,"name":"Inicio","item":"https:\/\/argentinaglobal.org.ar\/"},{"@type":"ListItem","position":2,"name":"Home"}]},{"@type":"WebSite","@id":"https:\/\/argentinaglobal.org.ar\/#website","url":"https:\/\/argentinaglobal.org.ar\/","name":"Argentina Global","description":"","potentialAction":[{"@type":"SearchAction","target":{"@type":"EntryPoint","urlTemplate":"https:\/\/argentinaglobal.org.ar\/?s={search_term_string}"},"query-input":"required name=search_term_string"}],"inLanguage":"en-US"}]}},"rttpg_featured_image_url":null,"rttpg_author":{"display_name":"ag","author_link":"https:\/\/argentinaglobal.org.ar\/eng\/author\/ag\/"},"rttpg_comment":0,"rttpg_category":"","rttpg_excerpt":null,"_links":{"self":[{"href":"https:\/\/argentinaglobal.org.ar\/eng\/wp-json\/wp\/v2\/pages\/1066","targetHints":{"allow":["GET"]}}],"collection":[{"href":"https:\/\/argentinaglobal.org.ar\/eng\/wp-json\/wp\/v2\/pages"}],"about":[{"href":"https:\/\/argentinaglobal.org.ar\/eng\/wp-json\/wp\/v2\/types\/page"}],"author":[{"embeddable":true,"href":"https:\/\/argentinaglobal.org.ar\/eng\/wp-json\/wp\/v2\/users\/2"}],"replies":[{"embeddable":true,"href":"https:\/\/argentinaglobal.org.ar\/eng\/wp-json\/wp\/v2\/comments?post=1066"}],"version-history":[{"count":85,"href":"https:\/\/argentinaglobal.org.ar\/eng\/wp-json\/wp\/v2\/pages\/1066\/revisions"}],"predecessor-version":[{"id":3129,"href":"https:\/\/argentinaglobal.org.ar\/eng\/wp-json\/wp\/v2\/pages\/1066\/revisions\/3129"}],"wp:attachment":[{"href":"https:\/\/argentinaglobal.org.ar\/eng\/wp-json\/wp\/v2\/media?parent=1066"}],"curies":[{"name":"wp","href":"https:\/\/api.w.org\/{rel}","templated":true}]}}